{"id":168,"date":"2020-09-24T10:44:57","date_gmt":"2020-09-24T08:44:57","guid":{"rendered":"http:\/\/www.new.pnt.uz.zgora.pl\/?page_id=168"},"modified":"2024-11-20T11:28:57","modified_gmt":"2024-11-20T10:28:57","slug":"centrum-logistyczne-i-platforma-na-rzecz-nauki-i-gospodarki","status":"publish","type":"page","link":"http:\/\/www.pnt.uz.zgora.pl\/?page_id=168","title":{"rendered":"Centrum Logistyczne i Platforma na rzecz Nauki i Gospodarki"},"content":{"rendered":"<div class=\"row\">\n\t<div class=\"wpb_content_element span4 wpb_text_column\">\n\t\t<div class=\"wpb_wrapper clearfix\">\n\t\t\t\n<div class=\"one_fourth\"><img loading=\"lazy\" decoding=\"async\" class=\"alignnone size-medium wp-image-975\" src=\"http:\/\/www.new.pnt.uz.zgora.pl\/wp-content\/uploads\/2020\/10\/bLANKfACE-267x300.png\" alt=\"\" width=\"267\" height=\"300\" srcset=\"http:\/\/www.pnt.uz.zgora.pl\/wp-content\/uploads\/2020\/10\/bLANKfACE-267x300.png 267w, http:\/\/www.pnt.uz.zgora.pl\/wp-content\/uploads\/2020\/10\/bLANKfACE-911x1024.png 911w, http:\/\/www.pnt.uz.zgora.pl\/wp-content\/uploads\/2020\/10\/bLANKfACE-768x864.png 768w, http:\/\/www.pnt.uz.zgora.pl\/wp-content\/uploads\/2020\/10\/bLANKfACE-1366x1536.png 1366w, http:\/\/www.pnt.uz.zgora.pl\/wp-content\/uploads\/2020\/10\/bLANKfACE-1821x2048.png 1821w, http:\/\/www.pnt.uz.zgora.pl\/wp-content\/uploads\/2020\/10\/bLANKfACE-1280x1439.png 1280w\" sizes=\"auto, (max-width: 267px) 100vw, 267px\" \/><\/p>\n<\/div>\n<div class=\"three_fourth last\">\n<h2><b>mgr in\u017c. Rados\u0142aw Grech<\/b><\/h2>\n<h4><em>Prezes Zarz\u0105du<\/em><\/h4>\n<\/div><div class=\"clearboth\"><\/div>\n<p>&nbsp;<\/p>\n\n\t\t<\/div> \n\t<\/div>  \n\t<div class=\"wpb_content_element span8 wpb_text_column\">\n\t\t<div class=\"wpb_wrapper clearfix\">\n\t\t\t\n<p><strong>Centrum Logistyczne Parku Naukowo-Technologicznego i\u00a0Platformy na rzecz Nauki i\u00a0Gospodarki<\/strong>\u00a0stanowi zaplecze dla powsta\u0142ych Centr\u00f3w Naukowo-Badawczych. To \u0142\u0105cznik pomi\u0119dzy nauk\u0105 i biznesem.<\/p>\n<p>Jest siedzib\u0105 administracji\u00a0<strong>Parku Naukowo-Technologicznego Uniwersytetu Zielonog\u00f3rskiego Sp. z o.o.<\/strong>\u00a0oraz innych instytucji wpieraj\u0105cych rozw\u00f3j regionu Centrum Przedsi\u0119biorczo\u015bci i Transferu Technologii Uniwersytetu Zielonog\u00f3rskiego, Lubuskiego Parku Przemys\u0142owo-Technologicznego, Centrum Przedsi\u0119biorczo\u015bci i Transferu Technologii UZ, Aglomeracji Zielonog\u00f3rskiej oraz Lubuskiego Tr\u00f3jmiasta.<\/p>\n\n\t\t<\/div> \n\t<\/div> <\/div>\n <div class=\"row\"><div class=\"wpb_divider thin wpb_content_element span12 \"><\/div>\n<\/div>\n <div class=\"row\">\n\t<div class=\"full-width-text wpb_content_element span12 wpb_text_column\">\n\t\t<div class=\"wpb_wrapper clearfix\">\n\t\t\t\n<h2 style=\"text-align: center;\">Pracownicy Centrum Logistycznego i Platformy na rzecz Nauki i Gospodarki<\/h2>\n\n\t\t<\/div> \n\t<\/div> <\/div>\n <div class=\"row\"><div class=\"wpb_divider thin wpb_content_element span12 \"><\/div>\n<\/div>\n <div class=\"row\">\n\t<div class=\"wpb_content_element span4 wpb_text_column\">\n\t\t<div class=\"wpb_wrapper clearfix\">\n\t\t\t\n<div class=\"one_fourth\"><img loading=\"lazy\" decoding=\"async\" class=\"alignnone size-medium wp-image-975\" src=\"http:\/\/www.new.pnt.uz.zgora.pl\/wp-content\/uploads\/2020\/10\/bLANKfACE-267x300.png\" alt=\"\" width=\"267\" height=\"300\" srcset=\"http:\/\/www.pnt.uz.zgora.pl\/wp-content\/uploads\/2020\/10\/bLANKfACE-267x300.png 267w, http:\/\/www.pnt.uz.zgora.pl\/wp-content\/uploads\/2020\/10\/bLANKfACE-911x1024.png 911w, http:\/\/www.pnt.uz.zgora.pl\/wp-content\/uploads\/2020\/10\/bLANKfACE-768x864.png 768w, http:\/\/www.pnt.uz.zgora.pl\/wp-content\/uploads\/2020\/10\/bLANKfACE-1366x1536.png 1366w, http:\/\/www.pnt.uz.zgora.pl\/wp-content\/uploads\/2020\/10\/bLANKfACE-1821x2048.png 1821w, http:\/\/www.pnt.uz.zgora.pl\/wp-content\/uploads\/2020\/10\/bLANKfACE-1280x1439.png 1280w\" sizes=\"auto, (max-width: 267px) 100vw, 267px\" \/><\/p>\n<\/div>\n<div class=\"three_fourth last\">\n<h2><b>mgr \u0141ukasz Hoffmann<\/b><\/h2>\n<h4><em>Dyrektor ds. projekt\u00f3w<\/em><\/h4>\n<p><span class=\"link-icon fa fa-phone-square\"><i class=\"icon-envelope sf-icon sf-icon-float- icon-small\"><\/i><\/span> \u00a0<span id=\"cloak54936\"><a href=\"mailto:l.hoffmann@pnt.uz.zgora.pl\">l.hoffmann@pnt.uz.zgora.pl<\/a><\/span><span id=\"cloak30656\"><\/span><\/p>\n<p><span class=\"link-icon fa fa-phone-square\"><i class=\"icon-mobile-phone sf-icon sf-icon-float- icon-small\"><\/i><\/span> +48 504 070 237<\/p>\n<\/div><div class=\"clearboth\"><\/div>\n<p>&nbsp;<\/p>\n\n\t\t<\/div> \n\t<\/div>  \n\t<div class=\"wpb_content_element span4 wpb_text_column\">\n\t\t<div class=\"wpb_wrapper clearfix\">\n\t\t\t\n<div class=\"one_fourth\"><img loading=\"lazy\" decoding=\"async\" class=\"alignnone size-medium wp-image-975\" src=\"http:\/\/www.new.pnt.uz.zgora.pl\/wp-content\/uploads\/2020\/10\/bLANKfACE-267x300.png\" alt=\"\" width=\"267\" height=\"300\" srcset=\"http:\/\/www.pnt.uz.zgora.pl\/wp-content\/uploads\/2020\/10\/bLANKfACE-267x300.png 267w, http:\/\/www.pnt.uz.zgora.pl\/wp-content\/uploads\/2020\/10\/bLANKfACE-911x1024.png 911w, http:\/\/www.pnt.uz.zgora.pl\/wp-content\/uploads\/2020\/10\/bLANKfACE-768x864.png 768w, http:\/\/www.pnt.uz.zgora.pl\/wp-content\/uploads\/2020\/10\/bLANKfACE-1366x1536.png 1366w, http:\/\/www.pnt.uz.zgora.pl\/wp-content\/uploads\/2020\/10\/bLANKfACE-1821x2048.png 1821w, http:\/\/www.pnt.uz.zgora.pl\/wp-content\/uploads\/2020\/10\/bLANKfACE-1280x1439.png 1280w\" sizes=\"auto, (max-width: 267px) 100vw, 267px\" \/><\/p>\n<\/div>\n<div class=\"three_fourth last\">\n<h2><strong>mgr. Justyna Jarecka<\/strong><\/h2>\n<h4><em>Biuro Zarz\u0105du<\/em><\/h4>\n<p><span class=\"link-icon fa fa-phone-square\"><i class=\"icon-envelope sf-icon sf-icon-float- icon-small\"><\/i><\/span> <a href=\"mailto:sekretariat@pnt.uz.zgora.pl\">sekretariat@pnt.uz.zgora.pl<\/a><span id=\"cloak30656\"><\/span><\/p>\n<p><span class=\"link-icon fa fa-phone-square\"><i class=\"icon-mobile-phone sf-icon sf-icon-float- icon-small\"><\/i><\/span> +48 693 223 983<\/p>\n<\/div><div class=\"clearboth\"><\/div>\n<p>&nbsp;<\/p>\n\n\t\t<\/div> \n\t<\/div> <\/div>\n <div class=\"row\"><div class=\"wpb_divider thin wpb_content_element span12 \"><\/div>\n<\/div>\n <div class=\"row\">\n\t<div class=\"wpb_content_element wpb_single_image noframe span8\">\n\t\t<div class=\"wpb_wrapper\"><figure class=\"clearfix\">\n\t\t\t<img loading=\"lazy\" decoding=\"async\" width=\"997\" height=\"466\" src=\"http:\/\/www.pnt.uz.zgora.pl\/wp-content\/uploads\/2020\/10\/CLmap.jpg\" class=\"attachment-full size-full\" alt=\"\" srcset=\"http:\/\/www.pnt.uz.zgora.pl\/wp-content\/uploads\/2020\/10\/CLmap.jpg 997w, http:\/\/www.pnt.uz.zgora.pl\/wp-content\/uploads\/2020\/10\/CLmap-300x140.jpg 300w, http:\/\/www.pnt.uz.zgora.pl\/wp-content\/uploads\/2020\/10\/CLmap-768x359.jpg 768w\" sizes=\"auto, (max-width: 997px) 100vw, 997px\" title=\"CLmap\" \/><\/figure>\n\t\t<\/div> \n\t<\/div>  \n\t<div class=\"wpb_content_element span4 wpb_text_column\">\n\t\t<div class=\"wpb_wrapper clearfix\">\n\t\t\t<div class=\"heading-wrap\"><h3 class=\"wpb_heading wpb_text_heading\">Adres<\/h3><\/div>\n\t\t\t\n<p><strong>Centrum\u00a0Logistyczne i Platformy na\u00a0rzecz Nauki i Gospodarki<\/strong><\/p>\n<p>ul. Nowy Kisielin &#8211; Syrkiewicza 6<\/p>\n<p>66-002 Zielona G\u00f3ra<\/p>\n\n\t\t<\/div> \n\t<\/div> <\/div>\n <div class=\"row\"><div class=\"wpb_divider thin wpb_content_element alt-bg span12 \"><\/div>\n<\/div>\n <div class=\"row\">\n\t<div class=\"wpb_content_element wpb_single_image noframe span12\">\n\t\t<div class=\"wpb_wrapper\"><figure class=\"clearfix\">\n\t\t\t<img loading=\"lazy\" decoding=\"async\" width=\"1200\" height=\"139\" src=\"http:\/\/www.pnt.uz.zgora.pl\/wp-content\/uploads\/2020\/09\/logo_unia.png\" class=\"attachment-full size-full\" alt=\"\" srcset=\"http:\/\/www.pnt.uz.zgora.pl\/wp-content\/uploads\/2020\/09\/logo_unia.png 1200w, http:\/\/www.pnt.uz.zgora.pl\/wp-content\/uploads\/2020\/09\/logo_unia-300x35.png 300w, http:\/\/www.pnt.uz.zgora.pl\/wp-content\/uploads\/2020\/09\/logo_unia-1024x119.png 1024w, http:\/\/www.pnt.uz.zgora.pl\/wp-content\/uploads\/2020\/09\/logo_unia-768x89.png 768w\" sizes=\"auto, (max-width: 1200px) 100vw, 1200px\" title=\"logo_unia\" \/><\/figure>\n\t\t<\/div> \n\t<\/div> <\/div>\n\n","protected":false},"excerpt":{"rendered":"","protected":false},"author":2,"featured_media":0,"parent":0,"menu_order":0,"comment_status":"closed","ping_status":"closed","template":"","meta":{"footnotes":""},"class_list":["post-168","page","type-page","status-publish","hentry"],"_links":{"self":[{"href":"http:\/\/www.pnt.uz.zgora.pl\/index.php?rest_route=\/wp\/v2\/pages\/168","targetHints":{"allow":["GET"]}}],"collection":[{"href":"http:\/\/www.pnt.uz.zgora.pl\/index.php?rest_route=\/wp\/v2\/pages"}],"about":[{"href":"http:\/\/www.pnt.uz.zgora.pl\/index.php?rest_route=\/wp\/v2\/types\/page"}],"author":[{"embeddable":true,"href":"http:\/\/www.pnt.uz.zgora.pl\/index.php?rest_route=\/wp\/v2\/users\/2"}],"replies":[{"embeddable":true,"href":"http:\/\/www.pnt.uz.zgora.pl\/index.php?rest_route=%2Fwp%2Fv2%2Fcomments&post=168"}],"version-history":[{"count":27,"href":"http:\/\/www.pnt.uz.zgora.pl\/index.php?rest_route=\/wp\/v2\/pages\/168\/revisions"}],"predecessor-version":[{"id":2183,"href":"http:\/\/www.pnt.uz.zgora.pl\/index.php?rest_route=\/wp\/v2\/pages\/168\/revisions\/2183"}],"wp:attachment":[{"href":"http:\/\/www.pnt.uz.zgora.pl\/index.php?rest_route=%2Fwp%2Fv2%2Fmedia&parent=168"}],"curies":[{"name":"wp","href":"https:\/\/api.w.org\/{rel}","templated":true}]}}